{"id":138,"date":"2018-01-03T08:55:16","date_gmt":"2018-01-03T07:55:16","guid":{"rendered":"http:\/\/sv-b-s.de\/wp\/?page_id=138"},"modified":"2025-03-13T17:35:58","modified_gmt":"2025-03-13T16:35:58","slug":"138-2","status":"publish","type":"page","link":"http:\/\/sv-b-s.de\/wp\/138-2\/","title":{"rendered":"Vorstand"},"content":{"rendered":"<p>[** = Mitglieder des gesch\u00e4ftsf\u00fchrenden Vorstands]<\/p>\n<p><strong>Pr\u00e4sident**: Christian Bruns<\/strong><br \/>\n<img loading=\"lazy\" class=\"alignnone size-full wp-image-1876\" src=\"http:\/\/sv-b-s.de\/wp-content\/uploads\/2024\/03\/Christian_B-225x300-1.jpg\" alt=\"\" width=\"225\" height=\"300\" \/><\/p>\n<p><strong>Stlv. Pr\u00e4sident**: Marcus Ahrens<\/strong><br \/>\n<img loading=\"lazy\" class=\"alignnone wp-image-1873 size-medium\" src=\"http:\/\/sv-b-s.de\/wp-content\/uploads\/2024\/03\/Marcus_Ahrens-225x300.jpg\" alt=\"\" width=\"225\" height=\"300\" srcset=\"http:\/\/sv-b-s.de\/wp-content\/uploads\/2024\/03\/Marcus_Ahrens-225x300.jpg 225w, http:\/\/sv-b-s.de\/wp-content\/uploads\/2024\/03\/Marcus_Ahrens.jpg 533w\" sizes=\"(max-width: 225px) 100vw, 225px\" \/><\/p>\n<p><strong>Kommandeur**: Ingo Gerdes<\/strong><br \/>\n<img loading=\"lazy\" class=\"alignnone size-full wp-image-1877\" src=\"http:\/\/sv-b-s.de\/wp-content\/uploads\/2024\/03\/Ingo_G-225x300-1.jpg\" alt=\"\" width=\"225\" height=\"300\" \/><\/p>\n<p><strong>Stlv. Kommandeur: Dominik Schr\u00f6der<\/strong><br \/>\n<img loading=\"lazy\" class=\"alignnone size-full wp-image-1878\" src=\"http:\/\/sv-b-s.de\/wp-content\/uploads\/2024\/03\/Dominik_1481-225x300-1.jpg\" alt=\"\" width=\"225\" height=\"300\" \/><\/p>\n<p><strong>Schriftf\u00fchrer**: Norbert G\u00f6wert<\/strong><br \/>\n<img loading=\"lazy\" class=\"alignnone size-full wp-image-1879\" src=\"http:\/\/sv-b-s.de\/wp-content\/uploads\/2024\/03\/Norbert_G-225x300-1.jpg\" alt=\"\" width=\"225\" height=\"300\" \/><\/p>\n<p><strong>Stlv. Schriftf\u00fchrer: Marius Geppert<\/strong><\/p>\n<p><img loading=\"lazy\" class=\"alignnone wp-image-2261 size-full\" src=\"http:\/\/sv-b-s.de\/wp-content\/uploads\/2025\/03\/marius_1483-1-225x300-1.jpg\" alt=\"\" width=\"225\" height=\"300\" \/><\/p>\n<p><strong>Kassierer**: Andreas G\u00f6wert<\/strong><br \/>\n<img loading=\"lazy\" class=\"alignnone size-full wp-image-1883\" src=\"http:\/\/sv-b-s.de\/wp-content\/uploads\/2024\/03\/Andreas_G-225x300-1.jpg\" alt=\"\" width=\"225\" height=\"300\" \/><\/p>\n<p><strong>Stlv. Kassierer: Heino L\u00fcbbert zur Lage<\/strong><br \/>\n<img loading=\"lazy\" class=\"alignnone size-full wp-image-1884\" src=\"http:\/\/sv-b-s.de\/wp-content\/uploads\/2024\/03\/Heino_LzL-225x300-1.png\" alt=\"\" width=\"225\" height=\"300\" \/><\/p>\n<p><strong>Pressewartin**: Rebecca Lau<\/strong><br \/>\n<img loading=\"lazy\" class=\"alignnone wp-image-2260 size-medium\" src=\"http:\/\/sv-b-s.de\/wp-content\/uploads\/2025\/03\/Foto_folgt-225x300.jpg\" alt=\"\" width=\"225\" height=\"300\" srcset=\"http:\/\/sv-b-s.de\/wp-content\/uploads\/2025\/03\/Foto_folgt-225x300.jpg 225w, http:\/\/sv-b-s.de\/wp-content\/uploads\/2025\/03\/Foto_folgt.jpg 533w\" sizes=\"(max-width: 225px) 100vw, 225px\" \/><\/p>\n<p><strong>Stlv. Pressewart:<\/strong>\u00a0<em>Posten derzeit unbesetzt<\/em><\/p>\n<p><strong>Schie\u00dfmeister**: Simon Landwehr<\/strong><br \/>\n<img loading=\"lazy\" class=\"alignnone size-full wp-image-1887\" src=\"http:\/\/sv-b-s.de\/wp-content\/uploads\/2024\/03\/Simon-225x300-1.jpg\" alt=\"\" width=\"225\" height=\"300\" \/><\/p>\n<p><strong>Stlv. Schie\u00dfmeister: Sven Koppelmann<\/strong><br \/>\n<img loading=\"lazy\" class=\"alignnone size-full wp-image-1888\" src=\"http:\/\/sv-b-s.de\/wp-content\/uploads\/2024\/03\/Sven_K-225x300-1.jpg\" alt=\"\" width=\"225\" height=\"300\" \/><\/p>\n<p><strong>Schie\u00dfsportleiter**: Michael Klune<\/strong><br \/>\n<img loading=\"lazy\" class=\"alignnone size-full wp-image-1889\" src=\"http:\/\/sv-b-s.de\/wp-content\/uploads\/2024\/03\/Michael_K-225x300-1.jpg\" alt=\"\" width=\"225\" height=\"300\" \/><\/p>\n<p><strong>Jugendwart:<\/strong>\u00a0<em>Posten derzeit unbesetzt<\/em><\/p>\n<p><strong>1. F\u00e4hnrich: Detlev T\u00f6bbe-H\u00f6mke<\/strong><br \/>\n<img loading=\"lazy\" class=\"alignnone size-medium wp-image-1890\" src=\"http:\/\/sv-b-s.de\/wp-content\/uploads\/2024\/03\/Dete_Toebbe-Hoemke-225x300.jpg\" alt=\"\" width=\"225\" height=\"300\" srcset=\"http:\/\/sv-b-s.de\/wp-content\/uploads\/2024\/03\/Dete_Toebbe-Hoemke-225x300.jpg 225w, http:\/\/sv-b-s.de\/wp-content\/uploads\/2024\/03\/Dete_Toebbe-Hoemke.jpg 533w\" sizes=\"(max-width: 225px) 100vw, 225px\" \/><\/p>\n<p><strong>2. F\u00e4hnrich: Reinhard Strothmann<\/strong><br \/>\n<img loading=\"lazy\" class=\"alignnone size-full wp-image-1891\" src=\"http:\/\/sv-b-s.de\/wp-content\/uploads\/2024\/03\/Reinhard_Strothmann-225x300-1.jpg\" alt=\"\" width=\"225\" height=\"300\" \/><\/p>\n<p><strong>3. F\u00e4hnrich: Hannes Landwehr<\/strong><br \/>\n<img loading=\"lazy\" class=\"alignnone size-full wp-image-1892\" src=\"http:\/\/sv-b-s.de\/wp-content\/uploads\/2024\/03\/IMG_1478-225x300-1.jpg\" alt=\"\" width=\"225\" height=\"300\" \/><\/p>\n","protected":false},"excerpt":{"rendered":"<p>[** = Mitglieder des gesch\u00e4ftsf\u00fchrenden Vorstands] Pr\u00e4sident**: Christian Bruns Stlv. Pr\u00e4sident**: Marcus Ahrens Kommandeur**: Ingo Gerdes Stlv. Kommandeur: Dominik Schr\u00f6der<\/p>\n","protected":false},"author":1,"featured_media":0,"parent":0,"menu_order":0,"comment_status":"closed","ping_status":"closed","template":"","meta":[],"_links":{"self":[{"href":"http:\/\/sv-b-s.de\/wp\/wp-json\/wp\/v2\/pages\/138"}],"collection":[{"href":"http:\/\/sv-b-s.de\/wp\/wp-json\/wp\/v2\/pages"}],"about":[{"href":"http:\/\/sv-b-s.de\/wp\/wp-json\/wp\/v2\/types\/page"}],"author":[{"embeddable":true,"href":"http:\/\/sv-b-s.de\/wp\/wp-json\/wp\/v2\/users\/1"}],"replies":[{"embeddable":true,"href":"http:\/\/sv-b-s.de\/wp\/wp-json\/wp\/v2\/comments?post=138"}],"version-history":[{"count":28,"href":"http:\/\/sv-b-s.de\/wp\/wp-json\/wp\/v2\/pages\/138\/revisions"}],"predecessor-version":[{"id":2264,"href":"http:\/\/sv-b-s.de\/wp\/wp-json\/wp\/v2\/pages\/138\/revisions\/2264"}],"wp:attachment":[{"href":"http:\/\/sv-b-s.de\/wp\/wp-json\/wp\/v2\/media?parent=138"}],"curies":[{"name":"wp","href":"https:\/\/api.w.org\/{rel}","templated":true}]}}